{"id":36027,"date":"2026-04-24T15:51:45","date_gmt":"2026-04-24T15:51:45","guid":{"rendered":"https:\/\/elu.com.tn\/?post_type=product&#038;p=36027"},"modified":"2026-04-27T14:37:28","modified_gmt":"2026-04-27T14:37:28","slug":"ensemble-homme-veste-et-pantalon-style-casual-chic","status":"publish","type":"product","link":"https:\/\/elu.com.tn\/index.php\/produit\/ensemble-homme-veste-et-pantalon-style-casual-chic\/","title":{"rendered":"Ensemble homme \u2013 Veste et pantalon style casual chic"},"content":{"rendered":"<p data-start=\"144\" data-end=\"390\">Adoptez une allure \u00e9l\u00e9gante et moderne avec cet ensemble compos\u00e9 d\u2019une veste l\u00e9g\u00e8re et d\u2019un pantalon assorti. Parfait pour un look \u00e0 la fois d\u00e9contract\u00e9 et structur\u00e9, il se porte aussi bien au quotidien que pour des occasions plus habill\u00e9es.<\/p>\n<p data-start=\"392\" data-end=\"598\">La veste, au design \u00e9pur\u00e9, pr\u00e9sente une coupe droite avec un col classique et une fermeture boutonn\u00e9e. Elle est dot\u00e9e de poches plaqu\u00e9es sur la poitrine, apportant une touche utilitaire subtile et tendance.<\/p>\n<p data-start=\"600\" data-end=\"777\">Le pantalon assorti compl\u00e8te parfaitement l\u2019ensemble avec sa coupe ajust\u00e9e et fluide, offrant confort et libert\u00e9 de mouvement tout en conservant une silhouette nette et soign\u00e9e.<\/p>\n","protected":false},"excerpt":{"rendered":"<p>Adoptez une allure \u00e9l\u00e9gante et moderne avec cet ensemble compos\u00e9 d\u2019une veste l\u00e9g\u00e8re et d\u2019un pantalon assorti. Parfait pour un<\/p>\n","protected":false},"featured_media":36032,"comment_status":"open","ping_status":"closed","template":"","meta":[],"product_brand":[],"product_cat":[106,117],"product_tag":[],"class_list":{"0":"post-36027","1":"product","2":"type-product","3":"status-publish","4":"has-post-thumbnail","6":"product_cat-homme","7":"product_cat-total-look-homme","9":"first","10":"instock","11":"shipping-taxable","12":"purchasable","13":"product-type-variable","14":"has-default-attributes"},"yoast_head":"<!-- This site is optimized with the Yoast SEO Premium plugin v25.1 (Yoast SEO v27.4) - https:\/\/yoast.com\/product\/yoast-seo-premium-wordpress\/ -->\n<title>Ensemble homme \u2013 Veste et pantalon style casual chic - Elu<\/title>\n<meta name=\"robots\" content=\"index, follow, max-snippet:-1, max-image-preview:large, max-video-preview:-1\" \/>\n<link rel=\"canonical\" href=\"https:\/\/elu.com.tn\/index.php\/produit\/ensemble-homme-veste-et-pantalon-style-casual-chic\/\" \/>\n<meta property=\"og:locale\" content=\"fr_FR\" \/>\n<meta property=\"og:type\" content=\"article\" \/>\n<meta property=\"og:title\" content=\"Ensemble homme \u2013 Veste et pantalon style casual chic\" \/>\n<meta property=\"og:description\" content=\"Adoptez une allure \u00e9l\u00e9gante et moderne avec cet ensemble compos\u00e9 d\u2019une veste l\u00e9g\u00e8re et d\u2019un pantalon assorti. Parfait pour un\" \/>\n<meta property=\"og:url\" content=\"https:\/\/elu.com.tn\/index.php\/produit\/ensemble-homme-veste-et-pantalon-style-casual-chic\/\" \/>\n<meta property=\"og:site_name\" content=\"Elu\" \/>\n<meta property=\"article:publisher\" content=\"https:\/\/www.facebook.com\/ELU.PRET.A.PORTER.ET.ACCESSOIRES\/?locale=fr_FR\" \/>\n<meta property=\"article:modified_time\" content=\"2026-04-27T14:37:28+00:00\" \/>\n<meta property=\"og:image\" content=\"https:\/\/elu.com.tn\/wp-content\/uploads\/2026\/04\/DSC04828.jpg\" \/>\n\t<meta property=\"og:image:width\" content=\"1371\" \/>\n\t<meta property=\"og:image:height\" content=\"1920\" \/>\n\t<meta property=\"og:image:type\" content=\"image\/jpeg\" \/>\n<meta name=\"twitter:card\" content=\"summary_large_image\" \/>\n<meta name=\"twitter:label1\" content=\"Disponibilit\u00e9\" \/>\n\t<meta name=\"twitter:data1\" content=\"En stock\" \/>\n<script type=\"application\/ld+json\" class=\"yoast-schema-graph\">{\"@context\":\"https:\\\/\\\/schema.org\",\"@graph\":[{\"@type\":\"WebPage\",\"@id\":\"https:\\\/\\\/elu.com.tn\\\/index.php\\\/produit\\\/ensemble-homme-veste-et-pantalon-style-casual-chic\\\/\",\"url\":\"https:\\\/\\\/elu.com.tn\\\/index.php\\\/produit\\\/ensemble-homme-veste-et-pantalon-style-casual-chic\\\/\",\"name\":\"Ensemble homme \u2013 Veste et pantalon style casual chic - Elu\",\"isPartOf\":{\"@id\":\"https:\\\/\\\/elu.com.tn\\\/#website\"},\"primaryImageOfPage\":{\"@id\":\"https:\\\/\\\/elu.com.tn\\\/index.php\\\/produit\\\/ensemble-homme-veste-et-pantalon-style-casual-chic\\\/#primaryimage\"},\"image\":{\"@id\":\"https:\\\/\\\/elu.com.tn\\\/index.php\\\/produit\\\/ensemble-homme-veste-et-pantalon-style-casual-chic\\\/#primaryimage\"},\"thumbnailUrl\":\"https:\\\/\\\/elu.com.tn\\\/wp-content\\\/uploads\\\/2026\\\/04\\\/DSC04828.jpg\",\"datePublished\":\"2026-04-24T15:51:45+00:00\",\"dateModified\":\"2026-04-27T14:37:28+00:00\",\"breadcrumb\":{\"@id\":\"https:\\\/\\\/elu.com.tn\\\/index.php\\\/produit\\\/ensemble-homme-veste-et-pantalon-style-casual-chic\\\/#breadcrumb\"},\"inLanguage\":\"fr-FR\",\"potentialAction\":[{\"@type\":\"ReadAction\",\"target\":[\"https:\\\/\\\/elu.com.tn\\\/index.php\\\/produit\\\/ensemble-homme-veste-et-pantalon-style-casual-chic\\\/\"]}]},{\"@type\":\"ImageObject\",\"inLanguage\":\"fr-FR\",\"@id\":\"https:\\\/\\\/elu.com.tn\\\/index.php\\\/produit\\\/ensemble-homme-veste-et-pantalon-style-casual-chic\\\/#primaryimage\",\"url\":\"https:\\\/\\\/elu.com.tn\\\/wp-content\\\/uploads\\\/2026\\\/04\\\/DSC04828.jpg\",\"contentUrl\":\"https:\\\/\\\/elu.com.tn\\\/wp-content\\\/uploads\\\/2026\\\/04\\\/DSC04828.jpg\",\"width\":1371,\"height\":1920},{\"@type\":\"BreadcrumbList\",\"@id\":\"https:\\\/\\\/elu.com.tn\\\/index.php\\\/produit\\\/ensemble-homme-veste-et-pantalon-style-casual-chic\\\/#breadcrumb\",\"itemListElement\":[{\"@type\":\"ListItem\",\"position\":1,\"name\":\"Accueil\",\"item\":\"https:\\\/\\\/elu.com.tn\\\/\"},{\"@type\":\"ListItem\",\"position\":2,\"name\":\"Boutique\",\"item\":\"https:\\\/\\\/elu.com.tn\\\/index.php\\\/shop\\\/\"},{\"@type\":\"ListItem\",\"position\":3,\"name\":\"Ensemble homme \u2013 Veste et pantalon style casual chic\"}]},{\"@type\":\"WebSite\",\"@id\":\"https:\\\/\\\/elu.com.tn\\\/#website\",\"url\":\"https:\\\/\\\/elu.com.tn\\\/\",\"name\":\"Elu\",\"description\":\"\",\"publisher\":{\"@id\":\"https:\\\/\\\/elu.com.tn\\\/#organization\"},\"potentialAction\":[{\"@type\":\"SearchAction\",\"target\":{\"@type\":\"EntryPoint\",\"urlTemplate\":\"https:\\\/\\\/elu.com.tn\\\/?s={search_term_string}\"},\"query-input\":{\"@type\":\"PropertyValueSpecification\",\"valueRequired\":true,\"valueName\":\"search_term_string\"}}],\"inLanguage\":\"fr-FR\"},{\"@type\":[\"Organization\",\"Place\"],\"@id\":\"https:\\\/\\\/elu.com.tn\\\/#organization\",\"name\":\"Elu\",\"url\":\"https:\\\/\\\/elu.com.tn\\\/\",\"logo\":{\"@type\":\"ImageObject\",\"inLanguage\":\"fr-FR\",\"@id\":\"https:\\\/\\\/elu.com.tn\\\/#\\\/schema\\\/logo\\\/image\\\/\",\"url\":\"https:\\\/\\\/elu.com.tn\\\/wp-content\\\/uploads\\\/2024\\\/12\\\/1-stores_default.png\",\"contentUrl\":\"https:\\\/\\\/elu.com.tn\\\/wp-content\\\/uploads\\\/2024\\\/12\\\/1-stores_default.png\",\"width\":170,\"height\":115,\"caption\":\"Elu\"},\"image\":{\"@id\":\"https:\\\/\\\/elu.com.tn\\\/#\\\/schema\\\/logo\\\/image\\\/\"},\"sameAs\":[\"https:\\\/\\\/www.facebook.com\\\/ELU.PRET.A.PORTER.ET.ACCESSOIRES\\\/?locale=fr_FR\",\"https:\\\/\\\/www.instagram.com\\\/elu_insta\\\/?hl=fr\"],\"mainEntityOfPage\":{\"@id\":\"https:\\\/\\\/elu.com.tn\\\/index.php\\\/produit\\\/ensemble-homme-veste-et-pantalon-style-casual-chic\\\/\"}}]}<\/script>\n<meta property=\"og:availability\" content=\"instock\" \/>\n<meta property=\"product:availability\" content=\"instock\" \/>\n<meta property=\"product:retailer_item_id\" content=\"ENH0326\" \/>\n<meta property=\"product:condition\" content=\"new\" \/>\n<meta name=\"geo.placename\" content=\"sousse\" \/>\n<meta name=\"geo.position\" content=\"35.831322690284125;10.633209332900613\" \/>\n<meta name=\"geo.region\" content=\"Tunisie\" \/>\n<!-- \/ Yoast SEO Premium plugin. -->","yoast_head_json":{"title":"Ensemble homme \u2013 Veste et pantalon style casual chic - Elu","robots":{"index":"index","follow":"follow","max-snippet":"max-snippet:-1","max-image-preview":"max-image-preview:large","max-video-preview":"max-video-preview:-1"},"canonical":"https:\/\/elu.com.tn\/index.php\/produit\/ensemble-homme-veste-et-pantalon-style-casual-chic\/","og_locale":"fr_FR","og_type":"article","og_title":"Ensemble homme \u2013 Veste et pantalon style casual chic","og_description":"Adoptez une allure \u00e9l\u00e9gante et moderne avec cet ensemble compos\u00e9 d\u2019une veste l\u00e9g\u00e8re et d\u2019un pantalon assorti. Parfait pour un","og_url":"https:\/\/elu.com.tn\/index.php\/produit\/ensemble-homme-veste-et-pantalon-style-casual-chic\/","og_site_name":"Elu","article_publisher":"https:\/\/www.facebook.com\/ELU.PRET.A.PORTER.ET.ACCESSOIRES\/?locale=fr_FR","article_modified_time":"2026-04-27T14:37:28+00:00","og_image":[{"width":1371,"height":1920,"url":"https:\/\/elu.com.tn\/wp-content\/uploads\/2026\/04\/DSC04828.jpg","type":"image\/jpeg"}],"twitter_card":"summary_large_image","twitter_misc":{"Disponibilit\u00e9":"En stock"},"schema":{"@context":"https:\/\/schema.org","@graph":[{"@type":"WebPage","@id":"https:\/\/elu.com.tn\/index.php\/produit\/ensemble-homme-veste-et-pantalon-style-casual-chic\/","url":"https:\/\/elu.com.tn\/index.php\/produit\/ensemble-homme-veste-et-pantalon-style-casual-chic\/","name":"Ensemble homme \u2013 Veste et pantalon style casual chic - Elu","isPartOf":{"@id":"https:\/\/elu.com.tn\/#website"},"primaryImageOfPage":{"@id":"https:\/\/elu.com.tn\/index.php\/produit\/ensemble-homme-veste-et-pantalon-style-casual-chic\/#primaryimage"},"image":{"@id":"https:\/\/elu.com.tn\/index.php\/produit\/ensemble-homme-veste-et-pantalon-style-casual-chic\/#primaryimage"},"thumbnailUrl":"https:\/\/elu.com.tn\/wp-content\/uploads\/2026\/04\/DSC04828.jpg","datePublished":"2026-04-24T15:51:45+00:00","dateModified":"2026-04-27T14:37:28+00:00","breadcrumb":{"@id":"https:\/\/elu.com.tn\/index.php\/produit\/ensemble-homme-veste-et-pantalon-style-casual-chic\/#breadcrumb"},"inLanguage":"fr-FR","potentialAction":[{"@type":"ReadAction","target":["https:\/\/elu.com.tn\/index.php\/produit\/ensemble-homme-veste-et-pantalon-style-casual-chic\/"]}]},{"@type":"ImageObject","inLanguage":"fr-FR","@id":"https:\/\/elu.com.tn\/index.php\/produit\/ensemble-homme-veste-et-pantalon-style-casual-chic\/#primaryimage","url":"https:\/\/elu.com.tn\/wp-content\/uploads\/2026\/04\/DSC04828.jpg","contentUrl":"https:\/\/elu.com.tn\/wp-content\/uploads\/2026\/04\/DSC04828.jpg","width":1371,"height":1920},{"@type":"BreadcrumbList","@id":"https:\/\/elu.com.tn\/index.php\/produit\/ensemble-homme-veste-et-pantalon-style-casual-chic\/#breadcrumb","itemListElement":[{"@type":"ListItem","position":1,"name":"Accueil","item":"https:\/\/elu.com.tn\/"},{"@type":"ListItem","position":2,"name":"Boutique","item":"https:\/\/elu.com.tn\/index.php\/shop\/"},{"@type":"ListItem","position":3,"name":"Ensemble homme \u2013 Veste et pantalon style casual chic"}]},{"@type":"WebSite","@id":"https:\/\/elu.com.tn\/#website","url":"https:\/\/elu.com.tn\/","name":"Elu","description":"","publisher":{"@id":"https:\/\/elu.com.tn\/#organization"},"potentialAction":[{"@type":"SearchAction","target":{"@type":"EntryPoint","urlTemplate":"https:\/\/elu.com.tn\/?s={search_term_string}"},"query-input":{"@type":"PropertyValueSpecification","valueRequired":true,"valueName":"search_term_string"}}],"inLanguage":"fr-FR"},{"@type":["Organization","Place"],"@id":"https:\/\/elu.com.tn\/#organization","name":"Elu","url":"https:\/\/elu.com.tn\/","logo":{"@type":"ImageObject","inLanguage":"fr-FR","@id":"https:\/\/elu.com.tn\/#\/schema\/logo\/image\/","url":"https:\/\/elu.com.tn\/wp-content\/uploads\/2024\/12\/1-stores_default.png","contentUrl":"https:\/\/elu.com.tn\/wp-content\/uploads\/2024\/12\/1-stores_default.png","width":170,"height":115,"caption":"Elu"},"image":{"@id":"https:\/\/elu.com.tn\/#\/schema\/logo\/image\/"},"sameAs":["https:\/\/www.facebook.com\/ELU.PRET.A.PORTER.ET.ACCESSOIRES\/?locale=fr_FR","https:\/\/www.instagram.com\/elu_insta\/?hl=fr"],"mainEntityOfPage":{"@id":"https:\/\/elu.com.tn\/index.php\/produit\/ensemble-homme-veste-et-pantalon-style-casual-chic\/"}}]},"og_availability":"instock","product_availability":"instock","product_retailer_item_id":"ENH0326","product_condition":"new","geo.placename":"sousse","geo.position":{"lat":"35.831322690284125","long":"10.633209332900613"},"geo.region":"Tunisie"},"jetpack_sharing_enabled":true,"_links":{"self":[{"href":"https:\/\/elu.com.tn\/index.php\/wp-json\/wp\/v2\/product\/36027","targetHints":{"allow":["GET"]}}],"collection":[{"href":"https:\/\/elu.com.tn\/index.php\/wp-json\/wp\/v2\/product"}],"about":[{"href":"https:\/\/elu.com.tn\/index.php\/wp-json\/wp\/v2\/types\/product"}],"replies":[{"embeddable":true,"href":"https:\/\/elu.com.tn\/index.php\/wp-json\/wp\/v2\/comments?post=36027"}],"version-history":[{"count":1,"href":"https:\/\/elu.com.tn\/index.php\/wp-json\/wp\/v2\/product\/36027\/revisions"}],"predecessor-version":[{"id":36046,"href":"https:\/\/elu.com.tn\/index.php\/wp-json\/wp\/v2\/product\/36027\/revisions\/36046"}],"wp:featuredmedia":[{"embeddable":true,"href":"https:\/\/elu.com.tn\/index.php\/wp-json\/wp\/v2\/media\/36032"}],"wp:attachment":[{"href":"https:\/\/elu.com.tn\/index.php\/wp-json\/wp\/v2\/media?parent=36027"}],"wp:term":[{"taxonomy":"product_brand","embeddable":true,"href":"https:\/\/elu.com.tn\/index.php\/wp-json\/wp\/v2\/product_brand?post=36027"},{"taxonomy":"product_cat","embeddable":true,"href":"https:\/\/elu.com.tn\/index.php\/wp-json\/wp\/v2\/product_cat?post=36027"},{"taxonomy":"product_tag","embeddable":true,"href":"https:\/\/elu.com.tn\/index.php\/wp-json\/wp\/v2\/product_tag?post=36027"}],"curies":[{"name":"wp","href":"https:\/\/api.w.org\/{rel}","templated":true}]}}