{"id":36299,"date":"2026-05-01T18:21:37","date_gmt":"2026-05-01T18:21:37","guid":{"rendered":"https:\/\/elu.com.tn\/?post_type=product&#038;p=36299"},"modified":"2026-05-01T18:22:36","modified_gmt":"2026-05-01T18:22:36","slug":"ventilateur-portable-mini-breeze-design-colore-et-rafraichissement-instantane","status":"publish","type":"product","link":"https:\/\/elu.com.tn\/index.php\/produit\/ventilateur-portable-mini-breeze-design-colore-et-rafraichissement-instantane\/","title":{"rendered":"Ventilateur Portable Mini Breeze \u2013 Design Color\u00e9 et Rafra\u00eechissement Instantan\u00e9"},"content":{"rendered":"<section class=\"text-token-text-primary w-full focus:outline-none [--shadow-height:45px] has-data-writing-block:pointer-events-none has-data-writing-block:-mt-(--shadow-height) has-data-writing-block:pt-(--shadow-height) [&amp;:has([data-writing-block])&gt;*]:pointer-events-auto [content-visibility:auto] supports-[content-visibility:auto]:[contain-intrinsic-size:auto_100lvh] R6Vx5W_threadScrollVars scroll-mb-[calc(var(--scroll-root-safe-area-inset-bottom,0px)+var(--thread-response-height))] scroll-mt-[calc(var(--header-height)+min(200px,max(70px,20svh)))]\" dir=\"auto\" data-turn-id=\"request-WEB:662dd9da-aad5-4e22-91fc-c93f7fb2a168-0\" data-testid=\"conversation-turn-2\" data-scroll-anchor=\"false\" data-turn=\"assistant\">\n<div class=\"text-base my-auto mx-auto pb-10 [--thread-content-margin:var(--thread-content-margin-xs,calc(var(--spacing)*4))] @w-sm\/main:[--thread-content-margin:var(--thread-content-margin-sm,calc(var(--spacing)*6))] @w-lg\/main:[--thread-content-margin:var(--thread-content-margin-lg,calc(var(--spacing)*16))] px-(--thread-content-margin)\">\n<div class=\"[--thread-content-max-width:40rem] @w-lg\/main:[--thread-content-max-width:48rem] mx-auto max-w-(--thread-content-max-width) flex-1 group\/turn-messages focus-visible:outline-hidden relative flex w-full min-w-0 flex-col agent-turn\">\n<div class=\"flex max-w-full flex-col gap-4 grow\">\n<div class=\"min-h-8 text-message relative flex w-full flex-col items-end gap-2 text-start break-words whitespace-normal outline-none keyboard-focused:focus-ring [.text-message+&amp;]:mt-1\" dir=\"auto\" tabindex=\"0\" data-message-author-role=\"assistant\" data-message-id=\"d2e6e385-4cf5-4fc0-b4b8-c47009b563eb\" data-message-model-slug=\"gpt-5-3\" data-turn-start-message=\"true\">\n<div class=\"flex w-full flex-col gap-1 empty:hidden\">\n<div class=\"markdown prose dark:prose-invert w-full wrap-break-word light markdown-new-styling\">\n<p data-start=\"95\" data-end=\"598\" data-is-last-node=\"\" data-is-only-node=\"\">Apportez une touche de fra\u00eecheur o\u00f9 que vous soyez avec ce ventilateur portable compact et styl\u00e9. Son design ludique aux couleurs pastel en fait un accessoire \u00e0 la fois pratique et tendance, parfait pour les journ\u00e9es chaudes \u00e0 la plage, en voyage ou au bureau. L\u00e9ger et facile \u00e0 tenir, il offre une ventilation agr\u00e9able en un simple clic gr\u00e2ce \u00e0 son bouton ergonomique. Id\u00e9al pour rester au frais tout en gardant du style, ce mini ventilateur est votre alli\u00e9 incontournable de l\u2019\u00e9t\u00e9.<\/p>\n<\/div>\n<\/div>\n<\/div>\n<\/div>\n<div class=\"z-0 flex min-h-[46px] justify-start\"><\/div>\n<\/div>\n<\/div>\n<\/section>\n<div class=\"pointer-events-none -mt-px h-px translate-y-[calc(var(--scroll-root-safe-area-inset-bottom)-14*var(--spacing))]\" aria-hidden=\"true\"><\/div>\n","protected":false},"excerpt":{"rendered":"<p>Apportez une touche de fra\u00eecheur o\u00f9 que vous soyez avec ce ventilateur portable compact et styl\u00e9. Son design ludique aux<\/p>\n","protected":false},"featured_media":36301,"comment_status":"open","ping_status":"closed","template":"","meta":[],"product_brand":[],"product_cat":[227],"product_tag":[],"class_list":{"0":"post-36299","1":"product","2":"type-product","3":"status-publish","4":"has-post-thumbnail","6":"product_cat-ventilateur","8":"first","9":"instock","10":"shipping-taxable","11":"purchasable","12":"product-type-variable","13":"has-default-attributes"},"yoast_head":"<!-- This site is optimized with the Yoast SEO Premium plugin v25.1 (Yoast SEO v27.4) - https:\/\/yoast.com\/product\/yoast-seo-premium-wordpress\/ -->\n<title>Ventilateur Portable Mini Breeze \u2013 Design Color\u00e9 et Rafra\u00eechissement Instantan\u00e9 - Elu<\/title>\n<meta name=\"robots\" content=\"index, follow, max-snippet:-1, max-image-preview:large, max-video-preview:-1\" \/>\n<link rel=\"canonical\" href=\"https:\/\/elu.com.tn\/index.php\/produit\/ventilateur-portable-mini-breeze-design-colore-et-rafraichissement-instantane\/\" \/>\n<meta property=\"og:locale\" content=\"fr_FR\" \/>\n<meta property=\"og:type\" content=\"article\" \/>\n<meta property=\"og:title\" content=\"Ventilateur Portable Mini Breeze \u2013 Design Color\u00e9 et Rafra\u00eechissement Instantan\u00e9\" \/>\n<meta property=\"og:description\" content=\"Apportez une touche de fra\u00eecheur o\u00f9 que vous soyez avec ce ventilateur portable compact et styl\u00e9. Son design ludique aux\" \/>\n<meta property=\"og:url\" content=\"https:\/\/elu.com.tn\/index.php\/produit\/ventilateur-portable-mini-breeze-design-colore-et-rafraichissement-instantane\/\" \/>\n<meta property=\"og:site_name\" content=\"Elu\" \/>\n<meta property=\"article:publisher\" content=\"https:\/\/www.facebook.com\/ELU.PRET.A.PORTER.ET.ACCESSOIRES\/?locale=fr_FR\" \/>\n<meta property=\"article:modified_time\" content=\"2026-05-01T18:22:36+00:00\" \/>\n<meta property=\"og:image\" content=\"https:\/\/elu.com.tn\/wp-content\/uploads\/2026\/05\/DSC05140.jpg\" \/>\n\t<meta property=\"og:image:width\" content=\"1280\" \/>\n\t<meta property=\"og:image:height\" content=\"1920\" \/>\n\t<meta property=\"og:image:type\" content=\"image\/jpeg\" \/>\n<meta name=\"twitter:card\" content=\"summary_large_image\" \/>\n<meta name=\"twitter:label1\" content=\"Disponibilit\u00e9\" \/>\n\t<meta name=\"twitter:data1\" content=\"En stock\" \/>\n<script type=\"application\/ld+json\" class=\"yoast-schema-graph\">{\"@context\":\"https:\\\/\\\/schema.org\",\"@graph\":[{\"@type\":\"WebPage\",\"@id\":\"https:\\\/\\\/elu.com.tn\\\/index.php\\\/produit\\\/ventilateur-portable-mini-breeze-design-colore-et-rafraichissement-instantane\\\/\",\"url\":\"https:\\\/\\\/elu.com.tn\\\/index.php\\\/produit\\\/ventilateur-portable-mini-breeze-design-colore-et-rafraichissement-instantane\\\/\",\"name\":\"Ventilateur Portable Mini Breeze \u2013 Design Color\u00e9 et Rafra\u00eechissement Instantan\u00e9 - Elu\",\"isPartOf\":{\"@id\":\"https:\\\/\\\/elu.com.tn\\\/#website\"},\"primaryImageOfPage\":{\"@id\":\"https:\\\/\\\/elu.com.tn\\\/index.php\\\/produit\\\/ventilateur-portable-mini-breeze-design-colore-et-rafraichissement-instantane\\\/#primaryimage\"},\"image\":{\"@id\":\"https:\\\/\\\/elu.com.tn\\\/index.php\\\/produit\\\/ventilateur-portable-mini-breeze-design-colore-et-rafraichissement-instantane\\\/#primaryimage\"},\"thumbnailUrl\":\"https:\\\/\\\/elu.com.tn\\\/wp-content\\\/uploads\\\/2026\\\/05\\\/DSC05140.jpg\",\"datePublished\":\"2026-05-01T18:21:37+00:00\",\"dateModified\":\"2026-05-01T18:22:36+00:00\",\"breadcrumb\":{\"@id\":\"https:\\\/\\\/elu.com.tn\\\/index.php\\\/produit\\\/ventilateur-portable-mini-breeze-design-colore-et-rafraichissement-instantane\\\/#breadcrumb\"},\"inLanguage\":\"fr-FR\",\"potentialAction\":[{\"@type\":\"ReadAction\",\"target\":[\"https:\\\/\\\/elu.com.tn\\\/index.php\\\/produit\\\/ventilateur-portable-mini-breeze-design-colore-et-rafraichissement-instantane\\\/\"]}]},{\"@type\":\"ImageObject\",\"inLanguage\":\"fr-FR\",\"@id\":\"https:\\\/\\\/elu.com.tn\\\/index.php\\\/produit\\\/ventilateur-portable-mini-breeze-design-colore-et-rafraichissement-instantane\\\/#primaryimage\",\"url\":\"https:\\\/\\\/elu.com.tn\\\/wp-content\\\/uploads\\\/2026\\\/05\\\/DSC05140.jpg\",\"contentUrl\":\"https:\\\/\\\/elu.com.tn\\\/wp-content\\\/uploads\\\/2026\\\/05\\\/DSC05140.jpg\",\"width\":1280,\"height\":1920},{\"@type\":\"BreadcrumbList\",\"@id\":\"https:\\\/\\\/elu.com.tn\\\/index.php\\\/produit\\\/ventilateur-portable-mini-breeze-design-colore-et-rafraichissement-instantane\\\/#breadcrumb\",\"itemListElement\":[{\"@type\":\"ListItem\",\"position\":1,\"name\":\"Accueil\",\"item\":\"https:\\\/\\\/elu.com.tn\\\/\"},{\"@type\":\"ListItem\",\"position\":2,\"name\":\"Boutique\",\"item\":\"https:\\\/\\\/elu.com.tn\\\/index.php\\\/shop\\\/\"},{\"@type\":\"ListItem\",\"position\":3,\"name\":\"Ventilateur Portable Mini Breeze \u2013 Design Color\u00e9 et Rafra\u00eechissement Instantan\u00e9\"}]},{\"@type\":\"WebSite\",\"@id\":\"https:\\\/\\\/elu.com.tn\\\/#website\",\"url\":\"https:\\\/\\\/elu.com.tn\\\/\",\"name\":\"Elu\",\"description\":\"\",\"publisher\":{\"@id\":\"https:\\\/\\\/elu.com.tn\\\/#organization\"},\"potentialAction\":[{\"@type\":\"SearchAction\",\"target\":{\"@type\":\"EntryPoint\",\"urlTemplate\":\"https:\\\/\\\/elu.com.tn\\\/?s={search_term_string}\"},\"query-input\":{\"@type\":\"PropertyValueSpecification\",\"valueRequired\":true,\"valueName\":\"search_term_string\"}}],\"inLanguage\":\"fr-FR\"},{\"@type\":[\"Organization\",\"Place\"],\"@id\":\"https:\\\/\\\/elu.com.tn\\\/#organization\",\"name\":\"Elu\",\"url\":\"https:\\\/\\\/elu.com.tn\\\/\",\"logo\":{\"@type\":\"ImageObject\",\"inLanguage\":\"fr-FR\",\"@id\":\"https:\\\/\\\/elu.com.tn\\\/#\\\/schema\\\/logo\\\/image\\\/\",\"url\":\"https:\\\/\\\/elu.com.tn\\\/wp-content\\\/uploads\\\/2024\\\/12\\\/1-stores_default.png\",\"contentUrl\":\"https:\\\/\\\/elu.com.tn\\\/wp-content\\\/uploads\\\/2024\\\/12\\\/1-stores_default.png\",\"width\":170,\"height\":115,\"caption\":\"Elu\"},\"image\":{\"@id\":\"https:\\\/\\\/elu.com.tn\\\/#\\\/schema\\\/logo\\\/image\\\/\"},\"sameAs\":[\"https:\\\/\\\/www.facebook.com\\\/ELU.PRET.A.PORTER.ET.ACCESSOIRES\\\/?locale=fr_FR\",\"https:\\\/\\\/www.instagram.com\\\/elu_insta\\\/?hl=fr\"],\"mainEntityOfPage\":{\"@id\":\"https:\\\/\\\/elu.com.tn\\\/index.php\\\/produit\\\/ventilateur-portable-mini-breeze-design-colore-et-rafraichissement-instantane\\\/\"}}]}<\/script>\n<meta property=\"og:availability\" content=\"instock\" \/>\n<meta property=\"product:availability\" content=\"instock\" \/>\n<meta property=\"product:retailer_item_id\" content=\"ACVP0426\" \/>\n<meta property=\"product:condition\" content=\"new\" \/>\n<meta name=\"geo.placename\" content=\"sousse\" \/>\n<meta name=\"geo.position\" content=\"35.831322690284125;10.633209332900613\" \/>\n<meta name=\"geo.region\" content=\"Tunisie\" \/>\n<!-- \/ Yoast SEO Premium plugin. -->","yoast_head_json":{"title":"Ventilateur Portable Mini Breeze \u2013 Design Color\u00e9 et Rafra\u00eechissement Instantan\u00e9 - Elu","robots":{"index":"index","follow":"follow","max-snippet":"max-snippet:-1","max-image-preview":"max-image-preview:large","max-video-preview":"max-video-preview:-1"},"canonical":"https:\/\/elu.com.tn\/index.php\/produit\/ventilateur-portable-mini-breeze-design-colore-et-rafraichissement-instantane\/","og_locale":"fr_FR","og_type":"article","og_title":"Ventilateur Portable Mini Breeze \u2013 Design Color\u00e9 et Rafra\u00eechissement Instantan\u00e9","og_description":"Apportez une touche de fra\u00eecheur o\u00f9 que vous soyez avec ce ventilateur portable compact et styl\u00e9. Son design ludique aux","og_url":"https:\/\/elu.com.tn\/index.php\/produit\/ventilateur-portable-mini-breeze-design-colore-et-rafraichissement-instantane\/","og_site_name":"Elu","article_publisher":"https:\/\/www.facebook.com\/ELU.PRET.A.PORTER.ET.ACCESSOIRES\/?locale=fr_FR","article_modified_time":"2026-05-01T18:22:36+00:00","og_image":[{"width":1280,"height":1920,"url":"https:\/\/elu.com.tn\/wp-content\/uploads\/2026\/05\/DSC05140.jpg","type":"image\/jpeg"}],"twitter_card":"summary_large_image","twitter_misc":{"Disponibilit\u00e9":"En stock"},"schema":{"@context":"https:\/\/schema.org","@graph":[{"@type":"WebPage","@id":"https:\/\/elu.com.tn\/index.php\/produit\/ventilateur-portable-mini-breeze-design-colore-et-rafraichissement-instantane\/","url":"https:\/\/elu.com.tn\/index.php\/produit\/ventilateur-portable-mini-breeze-design-colore-et-rafraichissement-instantane\/","name":"Ventilateur Portable Mini Breeze \u2013 Design Color\u00e9 et Rafra\u00eechissement Instantan\u00e9 - Elu","isPartOf":{"@id":"https:\/\/elu.com.tn\/#website"},"primaryImageOfPage":{"@id":"https:\/\/elu.com.tn\/index.php\/produit\/ventilateur-portable-mini-breeze-design-colore-et-rafraichissement-instantane\/#primaryimage"},"image":{"@id":"https:\/\/elu.com.tn\/index.php\/produit\/ventilateur-portable-mini-breeze-design-colore-et-rafraichissement-instantane\/#primaryimage"},"thumbnailUrl":"https:\/\/elu.com.tn\/wp-content\/uploads\/2026\/05\/DSC05140.jpg","datePublished":"2026-05-01T18:21:37+00:00","dateModified":"2026-05-01T18:22:36+00:00","breadcrumb":{"@id":"https:\/\/elu.com.tn\/index.php\/produit\/ventilateur-portable-mini-breeze-design-colore-et-rafraichissement-instantane\/#breadcrumb"},"inLanguage":"fr-FR","potentialAction":[{"@type":"ReadAction","target":["https:\/\/elu.com.tn\/index.php\/produit\/ventilateur-portable-mini-breeze-design-colore-et-rafraichissement-instantane\/"]}]},{"@type":"ImageObject","inLanguage":"fr-FR","@id":"https:\/\/elu.com.tn\/index.php\/produit\/ventilateur-portable-mini-breeze-design-colore-et-rafraichissement-instantane\/#primaryimage","url":"https:\/\/elu.com.tn\/wp-content\/uploads\/2026\/05\/DSC05140.jpg","contentUrl":"https:\/\/elu.com.tn\/wp-content\/uploads\/2026\/05\/DSC05140.jpg","width":1280,"height":1920},{"@type":"BreadcrumbList","@id":"https:\/\/elu.com.tn\/index.php\/produit\/ventilateur-portable-mini-breeze-design-colore-et-rafraichissement-instantane\/#breadcrumb","itemListElement":[{"@type":"ListItem","position":1,"name":"Accueil","item":"https:\/\/elu.com.tn\/"},{"@type":"ListItem","position":2,"name":"Boutique","item":"https:\/\/elu.com.tn\/index.php\/shop\/"},{"@type":"ListItem","position":3,"name":"Ventilateur Portable Mini Breeze \u2013 Design Color\u00e9 et Rafra\u00eechissement Instantan\u00e9"}]},{"@type":"WebSite","@id":"https:\/\/elu.com.tn\/#website","url":"https:\/\/elu.com.tn\/","name":"Elu","description":"","publisher":{"@id":"https:\/\/elu.com.tn\/#organization"},"potentialAction":[{"@type":"SearchAction","target":{"@type":"EntryPoint","urlTemplate":"https:\/\/elu.com.tn\/?s={search_term_string}"},"query-input":{"@type":"PropertyValueSpecification","valueRequired":true,"valueName":"search_term_string"}}],"inLanguage":"fr-FR"},{"@type":["Organization","Place"],"@id":"https:\/\/elu.com.tn\/#organization","name":"Elu","url":"https:\/\/elu.com.tn\/","logo":{"@type":"ImageObject","inLanguage":"fr-FR","@id":"https:\/\/elu.com.tn\/#\/schema\/logo\/image\/","url":"https:\/\/elu.com.tn\/wp-content\/uploads\/2024\/12\/1-stores_default.png","contentUrl":"https:\/\/elu.com.tn\/wp-content\/uploads\/2024\/12\/1-stores_default.png","width":170,"height":115,"caption":"Elu"},"image":{"@id":"https:\/\/elu.com.tn\/#\/schema\/logo\/image\/"},"sameAs":["https:\/\/www.facebook.com\/ELU.PRET.A.PORTER.ET.ACCESSOIRES\/?locale=fr_FR","https:\/\/www.instagram.com\/elu_insta\/?hl=fr"],"mainEntityOfPage":{"@id":"https:\/\/elu.com.tn\/index.php\/produit\/ventilateur-portable-mini-breeze-design-colore-et-rafraichissement-instantane\/"}}]},"og_availability":"instock","product_availability":"instock","product_retailer_item_id":"ACVP0426","product_condition":"new","geo.placename":"sousse","geo.position":{"lat":"35.831322690284125","long":"10.633209332900613"},"geo.region":"Tunisie"},"jetpack_sharing_enabled":true,"_links":{"self":[{"href":"https:\/\/elu.com.tn\/index.php\/wp-json\/wp\/v2\/product\/36299","targetHints":{"allow":["GET"]}}],"collection":[{"href":"https:\/\/elu.com.tn\/index.php\/wp-json\/wp\/v2\/product"}],"about":[{"href":"https:\/\/elu.com.tn\/index.php\/wp-json\/wp\/v2\/types\/product"}],"replies":[{"embeddable":true,"href":"https:\/\/elu.com.tn\/index.php\/wp-json\/wp\/v2\/comments?post=36299"}],"version-history":[{"count":1,"href":"https:\/\/elu.com.tn\/index.php\/wp-json\/wp\/v2\/product\/36299\/revisions"}],"predecessor-version":[{"id":36308,"href":"https:\/\/elu.com.tn\/index.php\/wp-json\/wp\/v2\/product\/36299\/revisions\/36308"}],"wp:featuredmedia":[{"embeddable":true,"href":"https:\/\/elu.com.tn\/index.php\/wp-json\/wp\/v2\/media\/36301"}],"wp:attachment":[{"href":"https:\/\/elu.com.tn\/index.php\/wp-json\/wp\/v2\/media?parent=36299"}],"wp:term":[{"taxonomy":"product_brand","embeddable":true,"href":"https:\/\/elu.com.tn\/index.php\/wp-json\/wp\/v2\/product_brand?post=36299"},{"taxonomy":"product_cat","embeddable":true,"href":"https:\/\/elu.com.tn\/index.php\/wp-json\/wp\/v2\/product_cat?post=36299"},{"taxonomy":"product_tag","embeddable":true,"href":"https:\/\/elu.com.tn\/index.php\/wp-json\/wp\/v2\/product_tag?post=36299"}],"curies":[{"name":"wp","href":"https:\/\/api.w.org\/{rel}","templated":true}]}}