{"id":36309,"date":"2026-05-01T18:27:57","date_gmt":"2026-05-01T18:27:57","guid":{"rendered":"https:\/\/elu.com.tn\/?post_type=product&#038;p=36309"},"modified":"2026-05-01T18:27:58","modified_gmt":"2026-05-01T18:27:58","slug":"mini-ventilateur-portable-violet-fraicheur-nomade-et-design-elegant","status":"publish","type":"product","link":"https:\/\/elu.com.tn\/index.php\/produit\/mini-ventilateur-portable-violet-fraicheur-nomade-et-design-elegant\/","title":{"rendered":"Mini Ventilateur Portable Violet \u2013 Fra\u00eecheur Nomade et Design \u00c9l\u00e9gant"},"content":{"rendered":"<p>Restez au frais avec style gr\u00e2ce \u00e0 ce mini ventilateur portable au design moderne et aux tons violets apaisants. Compact et l\u00e9ger, il se glisse facilement dans un sac pour vous accompagner partout : \u00e0 la plage, en voyage ou au quotidien. Son bouton simple d\u2019utilisation permet d\u2019activer rapidement une brise rafra\u00eechissante, id\u00e9ale lors des fortes chaleurs. Alliant praticit\u00e9 et esth\u00e9tique, ce ventilateur est l\u2019accessoire parfait pour un \u00e9t\u00e9 confortable et tendance.<\/p>\n","protected":false},"excerpt":{"rendered":"<p>Restez au frais avec style gr\u00e2ce \u00e0 ce mini ventilateur portable au design moderne et aux tons violets apaisants. Compact<\/p>\n","protected":false},"featured_media":36311,"comment_status":"open","ping_status":"closed","template":"","meta":[],"product_brand":[],"product_cat":[227],"product_tag":[],"class_list":{"0":"post-36309","1":"product","2":"type-product","3":"status-publish","4":"has-post-thumbnail","6":"product_cat-ventilateur","8":"first","9":"instock","10":"shipping-taxable","11":"purchasable","12":"product-type-variable","13":"has-default-attributes"},"yoast_head":"<!-- This site is optimized with the Yoast SEO Premium plugin v25.1 (Yoast SEO v27.4) - https:\/\/yoast.com\/product\/yoast-seo-premium-wordpress\/ -->\n<title>Mini Ventilateur Portable Violet \u2013 Fra\u00eecheur Nomade et Design \u00c9l\u00e9gant - Elu<\/title>\n<meta name=\"robots\" content=\"index, follow, max-snippet:-1, max-image-preview:large, max-video-preview:-1\" \/>\n<link rel=\"canonical\" href=\"https:\/\/elu.com.tn\/index.php\/produit\/mini-ventilateur-portable-violet-fraicheur-nomade-et-design-elegant\/\" \/>\n<meta property=\"og:locale\" content=\"fr_FR\" \/>\n<meta property=\"og:type\" content=\"article\" \/>\n<meta property=\"og:title\" content=\"Mini Ventilateur Portable Violet \u2013 Fra\u00eecheur Nomade et Design \u00c9l\u00e9gant\" \/>\n<meta property=\"og:description\" content=\"Restez au frais avec style gr\u00e2ce \u00e0 ce mini ventilateur portable au design moderne et aux tons violets apaisants. Compact\" \/>\n<meta property=\"og:url\" content=\"https:\/\/elu.com.tn\/index.php\/produit\/mini-ventilateur-portable-violet-fraicheur-nomade-et-design-elegant\/\" \/>\n<meta property=\"og:site_name\" content=\"Elu\" \/>\n<meta property=\"article:publisher\" content=\"https:\/\/www.facebook.com\/ELU.PRET.A.PORTER.ET.ACCESSOIRES\/?locale=fr_FR\" \/>\n<meta property=\"article:modified_time\" content=\"2026-05-01T18:27:58+00:00\" \/>\n<meta property=\"og:image\" content=\"https:\/\/elu.com.tn\/wp-content\/uploads\/2026\/05\/DSC05151-2.jpg\" \/>\n\t<meta property=\"og:image:width\" content=\"1371\" \/>\n\t<meta property=\"og:image:height\" content=\"1920\" \/>\n\t<meta property=\"og:image:type\" content=\"image\/jpeg\" \/>\n<meta name=\"twitter:card\" content=\"summary_large_image\" \/>\n<meta name=\"twitter:label1\" content=\"Disponibilit\u00e9\" \/>\n\t<meta name=\"twitter:data1\" content=\"En stock\" \/>\n<script type=\"application\/ld+json\" class=\"yoast-schema-graph\">{\"@context\":\"https:\\\/\\\/schema.org\",\"@graph\":[{\"@type\":\"WebPage\",\"@id\":\"https:\\\/\\\/elu.com.tn\\\/index.php\\\/produit\\\/mini-ventilateur-portable-violet-fraicheur-nomade-et-design-elegant\\\/\",\"url\":\"https:\\\/\\\/elu.com.tn\\\/index.php\\\/produit\\\/mini-ventilateur-portable-violet-fraicheur-nomade-et-design-elegant\\\/\",\"name\":\"Mini Ventilateur Portable Violet \u2013 Fra\u00eecheur Nomade et Design \u00c9l\u00e9gant - Elu\",\"isPartOf\":{\"@id\":\"https:\\\/\\\/elu.com.tn\\\/#website\"},\"primaryImageOfPage\":{\"@id\":\"https:\\\/\\\/elu.com.tn\\\/index.php\\\/produit\\\/mini-ventilateur-portable-violet-fraicheur-nomade-et-design-elegant\\\/#primaryimage\"},\"image\":{\"@id\":\"https:\\\/\\\/elu.com.tn\\\/index.php\\\/produit\\\/mini-ventilateur-portable-violet-fraicheur-nomade-et-design-elegant\\\/#primaryimage\"},\"thumbnailUrl\":\"https:\\\/\\\/elu.com.tn\\\/wp-content\\\/uploads\\\/2026\\\/05\\\/DSC05151-2.jpg\",\"datePublished\":\"2026-05-01T18:27:57+00:00\",\"dateModified\":\"2026-05-01T18:27:58+00:00\",\"breadcrumb\":{\"@id\":\"https:\\\/\\\/elu.com.tn\\\/index.php\\\/produit\\\/mini-ventilateur-portable-violet-fraicheur-nomade-et-design-elegant\\\/#breadcrumb\"},\"inLanguage\":\"fr-FR\",\"potentialAction\":[{\"@type\":\"ReadAction\",\"target\":[\"https:\\\/\\\/elu.com.tn\\\/index.php\\\/produit\\\/mini-ventilateur-portable-violet-fraicheur-nomade-et-design-elegant\\\/\"]}]},{\"@type\":\"ImageObject\",\"inLanguage\":\"fr-FR\",\"@id\":\"https:\\\/\\\/elu.com.tn\\\/index.php\\\/produit\\\/mini-ventilateur-portable-violet-fraicheur-nomade-et-design-elegant\\\/#primaryimage\",\"url\":\"https:\\\/\\\/elu.com.tn\\\/wp-content\\\/uploads\\\/2026\\\/05\\\/DSC05151-2.jpg\",\"contentUrl\":\"https:\\\/\\\/elu.com.tn\\\/wp-content\\\/uploads\\\/2026\\\/05\\\/DSC05151-2.jpg\",\"width\":1371,\"height\":1920},{\"@type\":\"BreadcrumbList\",\"@id\":\"https:\\\/\\\/elu.com.tn\\\/index.php\\\/produit\\\/mini-ventilateur-portable-violet-fraicheur-nomade-et-design-elegant\\\/#breadcrumb\",\"itemListElement\":[{\"@type\":\"ListItem\",\"position\":1,\"name\":\"Accueil\",\"item\":\"https:\\\/\\\/elu.com.tn\\\/\"},{\"@type\":\"ListItem\",\"position\":2,\"name\":\"Boutique\",\"item\":\"https:\\\/\\\/elu.com.tn\\\/index.php\\\/shop\\\/\"},{\"@type\":\"ListItem\",\"position\":3,\"name\":\"Mini Ventilateur Portable Violet \u2013 Fra\u00eecheur Nomade et Design \u00c9l\u00e9gant\"}]},{\"@type\":\"WebSite\",\"@id\":\"https:\\\/\\\/elu.com.tn\\\/#website\",\"url\":\"https:\\\/\\\/elu.com.tn\\\/\",\"name\":\"Elu\",\"description\":\"\",\"publisher\":{\"@id\":\"https:\\\/\\\/elu.com.tn\\\/#organization\"},\"potentialAction\":[{\"@type\":\"SearchAction\",\"target\":{\"@type\":\"EntryPoint\",\"urlTemplate\":\"https:\\\/\\\/elu.com.tn\\\/?s={search_term_string}\"},\"query-input\":{\"@type\":\"PropertyValueSpecification\",\"valueRequired\":true,\"valueName\":\"search_term_string\"}}],\"inLanguage\":\"fr-FR\"},{\"@type\":[\"Organization\",\"Place\"],\"@id\":\"https:\\\/\\\/elu.com.tn\\\/#organization\",\"name\":\"Elu\",\"url\":\"https:\\\/\\\/elu.com.tn\\\/\",\"logo\":{\"@type\":\"ImageObject\",\"inLanguage\":\"fr-FR\",\"@id\":\"https:\\\/\\\/elu.com.tn\\\/#\\\/schema\\\/logo\\\/image\\\/\",\"url\":\"https:\\\/\\\/elu.com.tn\\\/wp-content\\\/uploads\\\/2024\\\/12\\\/1-stores_default.png\",\"contentUrl\":\"https:\\\/\\\/elu.com.tn\\\/wp-content\\\/uploads\\\/2024\\\/12\\\/1-stores_default.png\",\"width\":170,\"height\":115,\"caption\":\"Elu\"},\"image\":{\"@id\":\"https:\\\/\\\/elu.com.tn\\\/#\\\/schema\\\/logo\\\/image\\\/\"},\"sameAs\":[\"https:\\\/\\\/www.facebook.com\\\/ELU.PRET.A.PORTER.ET.ACCESSOIRES\\\/?locale=fr_FR\",\"https:\\\/\\\/www.instagram.com\\\/elu_insta\\\/?hl=fr\"],\"mainEntityOfPage\":{\"@id\":\"https:\\\/\\\/elu.com.tn\\\/index.php\\\/produit\\\/mini-ventilateur-portable-violet-fraicheur-nomade-et-design-elegant\\\/\"}}]}<\/script>\n<meta property=\"og:availability\" content=\"instock\" \/>\n<meta property=\"product:availability\" content=\"instock\" \/>\n<meta property=\"product:condition\" content=\"new\" \/>\n<meta name=\"geo.placename\" content=\"sousse\" \/>\n<meta name=\"geo.position\" content=\"35.831322690284125;10.633209332900613\" \/>\n<meta name=\"geo.region\" content=\"Tunisie\" \/>\n<!-- \/ Yoast SEO Premium plugin. -->","yoast_head_json":{"title":"Mini Ventilateur Portable Violet \u2013 Fra\u00eecheur Nomade et Design \u00c9l\u00e9gant - Elu","robots":{"index":"index","follow":"follow","max-snippet":"max-snippet:-1","max-image-preview":"max-image-preview:large","max-video-preview":"max-video-preview:-1"},"canonical":"https:\/\/elu.com.tn\/index.php\/produit\/mini-ventilateur-portable-violet-fraicheur-nomade-et-design-elegant\/","og_locale":"fr_FR","og_type":"article","og_title":"Mini Ventilateur Portable Violet \u2013 Fra\u00eecheur Nomade et Design \u00c9l\u00e9gant","og_description":"Restez au frais avec style gr\u00e2ce \u00e0 ce mini ventilateur portable au design moderne et aux tons violets apaisants. Compact","og_url":"https:\/\/elu.com.tn\/index.php\/produit\/mini-ventilateur-portable-violet-fraicheur-nomade-et-design-elegant\/","og_site_name":"Elu","article_publisher":"https:\/\/www.facebook.com\/ELU.PRET.A.PORTER.ET.ACCESSOIRES\/?locale=fr_FR","article_modified_time":"2026-05-01T18:27:58+00:00","og_image":[{"width":1371,"height":1920,"url":"https:\/\/elu.com.tn\/wp-content\/uploads\/2026\/05\/DSC05151-2.jpg","type":"image\/jpeg"}],"twitter_card":"summary_large_image","twitter_misc":{"Disponibilit\u00e9":"En stock"},"schema":{"@context":"https:\/\/schema.org","@graph":[{"@type":"WebPage","@id":"https:\/\/elu.com.tn\/index.php\/produit\/mini-ventilateur-portable-violet-fraicheur-nomade-et-design-elegant\/","url":"https:\/\/elu.com.tn\/index.php\/produit\/mini-ventilateur-portable-violet-fraicheur-nomade-et-design-elegant\/","name":"Mini Ventilateur Portable Violet \u2013 Fra\u00eecheur Nomade et Design \u00c9l\u00e9gant - Elu","isPartOf":{"@id":"https:\/\/elu.com.tn\/#website"},"primaryImageOfPage":{"@id":"https:\/\/elu.com.tn\/index.php\/produit\/mini-ventilateur-portable-violet-fraicheur-nomade-et-design-elegant\/#primaryimage"},"image":{"@id":"https:\/\/elu.com.tn\/index.php\/produit\/mini-ventilateur-portable-violet-fraicheur-nomade-et-design-elegant\/#primaryimage"},"thumbnailUrl":"https:\/\/elu.com.tn\/wp-content\/uploads\/2026\/05\/DSC05151-2.jpg","datePublished":"2026-05-01T18:27:57+00:00","dateModified":"2026-05-01T18:27:58+00:00","breadcrumb":{"@id":"https:\/\/elu.com.tn\/index.php\/produit\/mini-ventilateur-portable-violet-fraicheur-nomade-et-design-elegant\/#breadcrumb"},"inLanguage":"fr-FR","potentialAction":[{"@type":"ReadAction","target":["https:\/\/elu.com.tn\/index.php\/produit\/mini-ventilateur-portable-violet-fraicheur-nomade-et-design-elegant\/"]}]},{"@type":"ImageObject","inLanguage":"fr-FR","@id":"https:\/\/elu.com.tn\/index.php\/produit\/mini-ventilateur-portable-violet-fraicheur-nomade-et-design-elegant\/#primaryimage","url":"https:\/\/elu.com.tn\/wp-content\/uploads\/2026\/05\/DSC05151-2.jpg","contentUrl":"https:\/\/elu.com.tn\/wp-content\/uploads\/2026\/05\/DSC05151-2.jpg","width":1371,"height":1920},{"@type":"BreadcrumbList","@id":"https:\/\/elu.com.tn\/index.php\/produit\/mini-ventilateur-portable-violet-fraicheur-nomade-et-design-elegant\/#breadcrumb","itemListElement":[{"@type":"ListItem","position":1,"name":"Accueil","item":"https:\/\/elu.com.tn\/"},{"@type":"ListItem","position":2,"name":"Boutique","item":"https:\/\/elu.com.tn\/index.php\/shop\/"},{"@type":"ListItem","position":3,"name":"Mini Ventilateur Portable Violet \u2013 Fra\u00eecheur Nomade et Design \u00c9l\u00e9gant"}]},{"@type":"WebSite","@id":"https:\/\/elu.com.tn\/#website","url":"https:\/\/elu.com.tn\/","name":"Elu","description":"","publisher":{"@id":"https:\/\/elu.com.tn\/#organization"},"potentialAction":[{"@type":"SearchAction","target":{"@type":"EntryPoint","urlTemplate":"https:\/\/elu.com.tn\/?s={search_term_string}"},"query-input":{"@type":"PropertyValueSpecification","valueRequired":true,"valueName":"search_term_string"}}],"inLanguage":"fr-FR"},{"@type":["Organization","Place"],"@id":"https:\/\/elu.com.tn\/#organization","name":"Elu","url":"https:\/\/elu.com.tn\/","logo":{"@type":"ImageObject","inLanguage":"fr-FR","@id":"https:\/\/elu.com.tn\/#\/schema\/logo\/image\/","url":"https:\/\/elu.com.tn\/wp-content\/uploads\/2024\/12\/1-stores_default.png","contentUrl":"https:\/\/elu.com.tn\/wp-content\/uploads\/2024\/12\/1-stores_default.png","width":170,"height":115,"caption":"Elu"},"image":{"@id":"https:\/\/elu.com.tn\/#\/schema\/logo\/image\/"},"sameAs":["https:\/\/www.facebook.com\/ELU.PRET.A.PORTER.ET.ACCESSOIRES\/?locale=fr_FR","https:\/\/www.instagram.com\/elu_insta\/?hl=fr"],"mainEntityOfPage":{"@id":"https:\/\/elu.com.tn\/index.php\/produit\/mini-ventilateur-portable-violet-fraicheur-nomade-et-design-elegant\/"}}]},"og_availability":"instock","product_availability":"instock","product_condition":"new","geo.placename":"sousse","geo.position":{"lat":"35.831322690284125","long":"10.633209332900613"},"geo.region":"Tunisie"},"jetpack_sharing_enabled":true,"_links":{"self":[{"href":"https:\/\/elu.com.tn\/index.php\/wp-json\/wp\/v2\/product\/36309","targetHints":{"allow":["GET"]}}],"collection":[{"href":"https:\/\/elu.com.tn\/index.php\/wp-json\/wp\/v2\/product"}],"about":[{"href":"https:\/\/elu.com.tn\/index.php\/wp-json\/wp\/v2\/types\/product"}],"replies":[{"embeddable":true,"href":"https:\/\/elu.com.tn\/index.php\/wp-json\/wp\/v2\/comments?post=36309"}],"version-history":[{"count":1,"href":"https:\/\/elu.com.tn\/index.php\/wp-json\/wp\/v2\/product\/36309\/revisions"}],"predecessor-version":[{"id":36314,"href":"https:\/\/elu.com.tn\/index.php\/wp-json\/wp\/v2\/product\/36309\/revisions\/36314"}],"wp:featuredmedia":[{"embeddable":true,"href":"https:\/\/elu.com.tn\/index.php\/wp-json\/wp\/v2\/media\/36311"}],"wp:attachment":[{"href":"https:\/\/elu.com.tn\/index.php\/wp-json\/wp\/v2\/media?parent=36309"}],"wp:term":[{"taxonomy":"product_brand","embeddable":true,"href":"https:\/\/elu.com.tn\/index.php\/wp-json\/wp\/v2\/product_brand?post=36309"},{"taxonomy":"product_cat","embeddable":true,"href":"https:\/\/elu.com.tn\/index.php\/wp-json\/wp\/v2\/product_cat?post=36309"},{"taxonomy":"product_tag","embeddable":true,"href":"https:\/\/elu.com.tn\/index.php\/wp-json\/wp\/v2\/product_tag?post=36309"}],"curies":[{"name":"wp","href":"https:\/\/api.w.org\/{rel}","templated":true}]}}